{"id":716,"date":"2020-03-13T12:44:50","date_gmt":"2020-03-13T10:44:50","guid":{"rendered":"http:\/\/www.kindergarten-lenauweg.de\/?page_id=716"},"modified":"2025-10-13T15:51:28","modified_gmt":"2025-10-13T13:51:28","slug":"aktuelles-2","status":"publish","type":"page","link":"https:\/\/www.kindergarten-lenauweg.de\/?page_id=716","title":{"rendered":"Aktuelles"},"content":{"rendered":"\n<div class=\"wp-block-group\"><div class=\"wp-block-group__inner-container is-layout-constrained wp-block-group-is-layout-constrained\">\n<blockquote class=\"wp-block-quote is-layout-flow wp-block-quote-is-layout-flow\">\n<p class=\"has-text-align-center\"><strong>TAG DER OFFENEN T\u00dcR&nbsp;&nbsp;<\/strong><\/p>\n\n\n\n<p class=\"has-text-align-center\"><strong>f\u00fcr das Kindergartenjahr 2026\/27<\/strong><\/p>\n\n\n\n<p class=\"has-text-align-center\"><strong>AM FREITAG, DEN 28. NOVEMBER<\/strong><\/p>\n\n\n\n<p class=\"has-text-align-center\"><strong>VON 15.00 \u2013 17.00 UHR<\/strong><\/p>\n\n\n\n<figure class=\"wp-block-table\"><table><tbody><tr><td>Am <strong>Freitag, den 28.11.2025 <\/strong>findet im Evang. Kindergarten Lenauweg von <strong>15.00 \u2013 17.00 Uhr <\/strong>ein <strong>\u201eTag der offenen T\u00fcr\u201c <\/strong>f\u00fcr alle interessierten Eltern statt. In diesem Zeitraum k\u00f6nnen Sie den Kindergarten, die P\u00e4dagogik und das Kindergartenteam kennen lernen. Ebenso werden unterschiedliche Aktivit\u00e4ten f\u00fcr j\u00fcngere Kinder angeboten. Zur Besichtigung des Kindergartens bitten wir Sie um eine Anmeldung, die Sie telefonisch bei Frau Schleier angeben k\u00f6nnen.<\/td><td>Unter anderem liegen f\u00fcr interessierte Eltern Anmeldeformulare bereit. Am \u201eTag der offenen T\u00fcr\u201c k\u00f6nnen Sie auf die Kindergartenleitung Fr. Schleier und das Kindergartenteam zugehen und Ihre Fragen und Anliegen besprechen. &nbsp; Sollten Sie am Tag der offenen T\u00fcr verhindert sein, k\u00f6nnen Sie gerne schon vorab telefonisch einen Termin vereinbaren (Tel. 0981-86155). &nbsp; Auf Ihr Kommen freuen wir uns! &nbsp;<\/td><\/tr><\/tbody><\/table><\/figure>\n<\/blockquote>\n\n\n\n<figure class=\"wp-block-image size-large\"><a href=\"https:\/\/www.kindergarten-lenauweg.de\/wp-content\/uploads\/2023\/10\/Logo-im-Garten.png\"><img loading=\"lazy\" decoding=\"async\" width=\"1024\" height=\"683\" src=\"https:\/\/www.kindergarten-lenauweg.de\/wp-content\/uploads\/2023\/10\/Logo-im-Garten-1024x683.png\" alt=\"\" class=\"wp-image-1420\" srcset=\"https:\/\/www.kindergarten-lenauweg.de\/wp-content\/uploads\/2023\/10\/Logo-im-Garten-1024x683.png 1024w, https:\/\/www.kindergarten-lenauweg.de\/wp-content\/uploads\/2023\/10\/Logo-im-Garten-300x200.png 300w, https:\/\/www.kindergarten-lenauweg.de\/wp-content\/uploads\/2023\/10\/Logo-im-Garten-768x512.png 768w, https:\/\/www.kindergarten-lenauweg.de\/wp-content\/uploads\/2023\/10\/Logo-im-Garten-1536x1024.png 1536w, https:\/\/www.kindergarten-lenauweg.de\/wp-content\/uploads\/2023\/10\/Logo-im-Garten-2048x1365.png 2048w\" sizes=\"auto, (max-width: 1024px) 100vw, 1024px\" \/><\/a><\/figure>\n\n\n\n<p class=\"has-text-align-center\"><\/p>\n<\/div><\/div>\n","protected":false},"excerpt":{"rendered":"<p>TAG DER OFFENEN T\u00dcR&nbsp;&nbsp; f\u00fcr das Kindergartenjahr 2026\/27 AM FREITAG, DEN 28. NOVEMBER VON 15.00 \u2013 17.00 UHR Am Freitag, den 28.11.2025 findet im Evang. Kindergarten Lenauweg von 15.00 \u2013 17.00 Uhr ein \u201eTag der offenen T\u00fcr\u201c f\u00fcr alle interessierten Eltern statt. In diesem Zeitraum k\u00f6nnen Sie den Kindergarten, die P\u00e4dagogik und das Kindergartenteam kennen &hellip; <a href=\"https:\/\/www.kindergarten-lenauweg.de\/?page_id=716\" class=\"more-link\"><span class=\"screen-reader-text\">Aktuelles<\/span> weiterlesen <span class=\"meta-nav\">&rarr;<\/span><\/a><\/p>\n","protected":false},"author":3,"featured_media":0,"parent":0,"menu_order":0,"comment_status":"closed","ping_status":"closed","template":"","meta":{"footnotes":""},"class_list":["post-716","page","type-page","status-publish","hentry"],"_links":{"self":[{"href":"https:\/\/www.kindergarten-lenauweg.de\/index.php?rest_route=\/wp\/v2\/pages\/716","targetHints":{"allow":["GET"]}}],"collection":[{"href":"https:\/\/www.kindergarten-lenauweg.de\/index.php?rest_route=\/wp\/v2\/pages"}],"about":[{"href":"https:\/\/www.kindergarten-lenauweg.de\/index.php?rest_route=\/wp\/v2\/types\/page"}],"author":[{"embeddable":true,"href":"https:\/\/www.kindergarten-lenauweg.de\/index.php?rest_route=\/wp\/v2\/users\/3"}],"replies":[{"embeddable":true,"href":"https:\/\/www.kindergarten-lenauweg.de\/index.php?rest_route=%2Fwp%2Fv2%2Fcomments&post=716"}],"version-history":[{"count":63,"href":"https:\/\/www.kindergarten-lenauweg.de\/index.php?rest_route=\/wp\/v2\/pages\/716\/revisions"}],"predecessor-version":[{"id":1487,"href":"https:\/\/www.kindergarten-lenauweg.de\/index.php?rest_route=\/wp\/v2\/pages\/716\/revisions\/1487"}],"wp:attachment":[{"href":"https:\/\/www.kindergarten-lenauweg.de\/index.php?rest_route=%2Fwp%2Fv2%2Fmedia&parent=716"}],"curies":[{"name":"wp","href":"https:\/\/api.w.org\/{rel}","templated":true}]}}